{"id":111,"date":"2017-08-24T17:23:09","date_gmt":"2017-08-24T15:23:09","guid":{"rendered":"http:\/\/servcarritxo.com\/home\/"},"modified":"2024-02-27T17:40:18","modified_gmt":"2024-02-27T16:40:18","slug":"home","status":"publish","type":"page","link":"https:\/\/servcarritxo.com\/de\/","title":{"rendered":"HOME"},"content":{"rendered":"<div id=\"down\" class=\"fusion-container-anchor\"><div class=\"fusion-fullwidth fullwidth-box fusion-builder-row-1 nonhundred-percent-fullwidth non-hundred-percent-height-scrolling\" style=\"--awb-border-radius-top-left:0px;--awb-border-radius-top-right:0px;--awb-border-radius-bottom-right:0px;--awb-border-radius-bottom-left:0px;--awb-flex-wrap:wrap;\" ><div class=\"fusion-builder-row fusion-row\"><div class=\"fusion-layout-column fusion_builder_column fusion-builder-column-0 fusion_builder_column_1_1 1_1 fusion-one-full fusion-column-first fusion-column-last\" style=\"--awb-bg-blend:overlay;--awb-bg-size:cover;\"><div class=\"fusion-column-wrapper fusion-flex-column-wrapper-legacy\"><div class=\"fusion-title title fusion-title-1 fusion-title-center fusion-title-text fusion-title-size-one\"><div class=\"title-sep-container title-sep-container-left\"><div class=\"title-sep sep-double sep-solid\" style=\"border-color:#e0dede;\"><\/div><\/div><span class=\"awb-title-spacer\"><\/span><h1 class=\"fusion-title-heading title-heading-center\" style=\"margin:0;\">WARTUNG, VERKAUF UND ENTWICKLUNG VON IMMOBILIEN AUF MALLORCA<\/h1><span class=\"awb-title-spacer\"><\/span><div class=\"title-sep-container title-sep-container-right\"><div class=\"title-sep sep-double sep-solid\" style=\"border-color:#e0dede;\"><\/div><\/div><\/div><div class=\"fusion-sep-clear\"><\/div><div class=\"fusion-separator\" style=\"margin-left: auto;margin-right: auto;margin-top:20px;margin-bottom:50px;width:100%;max-width:30%;\"><div class=\"fusion-separator-border sep-single sep-solid\" style=\"--awb-height:20px;--awb-amount:20px;border-color:#e0dede;border-top-width:1px;\"><\/div><\/div><div class=\"fusion-sep-clear\"><\/div><div class=\"fusion-clearfix\"><\/div><\/div><\/div><div class=\"fusion-layout-column fusion_builder_column fusion-builder-column-1 fusion_builder_column_1_1 1_1 fusion-one-full fusion-column-first fusion-column-last\" style=\"--awb-bg-blend:overlay;--awb-bg-size:cover;\"><div class=\"fusion-column-wrapper fusion-flex-column-wrapper-legacy\"><div class=\"fusion-text fusion-text-1\"><p data-fontsize=\"18\" data-lineheight=\"27\">Bedient seit 30 Jahren im S\u00fcdosten von Mallorca und dar\u00fcber hinaus den kompletten Sevicebereich rund um Ihre Immobilie. Wir sind spezialisiert auf s\u00e4mtliche Belangen rund um Haus, Wohnung und Garten.<\/p>\n<\/div><div class=\"fusion-clearfix\"><\/div><\/div><\/div><div class=\"fusion-layout-column fusion_builder_column fusion-builder-column-2 fusion_builder_column_1_1 1_1 fusion-one-full fusion-column-first fusion-column-last\" style=\"--awb-bg-blend:overlay;--awb-bg-size:cover;\"><div class=\"fusion-column-wrapper fusion-flex-column-wrapper-legacy\"><div class=\"fusion-image-element fusion-image-align-center in-legacy-container\" style=\"text-align:center;--awb-liftup-border-radius:10px;--awb-caption-title-font-family:var(--h2_typography-font-family);--awb-caption-title-font-weight:var(--h2_typography-font-weight);--awb-caption-title-font-style:var(--h2_typography-font-style);--awb-caption-title-size:var(--h2_typography-font-size);--awb-caption-title-transform:var(--h2_typography-text-transform);--awb-caption-title-line-height:var(--h2_typography-line-height);--awb-caption-title-letter-spacing:var(--h2_typography-letter-spacing);\"><div class=\"imageframe-align-center\"><div class=\"awb-image-frame awb-image-frame-1 imageframe-liftup imageframe-1 fusion-animated\" data-animationType=\"fadeInLeft\" data-animationDuration=\"0.7\" data-animationOffset=\"top-into-view\"><span class=\" fusion-imageframe imageframe-none imageframe-1\" style=\"border-radius:10px;\"><img decoding=\"async\" width=\"600\" height=\"450\" title=\"Elementos 2\" src=\"http:\/\/servcarritxo.com\/wp-content\/uploads\/2017\/08\/Elementos-2.jpg\" alt class=\"img-responsive wp-image-681\" srcset=\"https:\/\/servcarritxo.com\/wp-content\/uploads\/2017\/08\/Elementos-2-200x150.jpg 200w, https:\/\/servcarritxo.com\/wp-content\/uploads\/2017\/08\/Elementos-2-400x300.jpg 400w, https:\/\/servcarritxo.com\/wp-content\/uploads\/2017\/08\/Elementos-2.jpg 600w\" sizes=\"(max-width: 800px) 100vw, 600px\" \/><\/span><\/div><\/div><\/div><div class=\"fusion-clearfix\"><\/div><\/div><\/div><div class=\"fusion-layout-column fusion_builder_column fusion-builder-column-3 fusion_builder_column_1_1 1_1 fusion-one-full fusion-column-first fusion-column-last\" style=\"--awb-padding-top:40px;--awb-bg-blend:overlay;--awb-bg-size:cover;--awb-margin-top:55px;--awb-margin-bottom:68px;\"><div class=\"fusion-column-wrapper fusion-flex-column-wrapper-legacy\"><div class=\"fusion-title title fusion-title-2 fusion-title-center fusion-title-text fusion-title-size-two\"><div class=\"title-sep-container title-sep-container-left\"><div class=\"title-sep sep-single sep-solid\" style=\"border-color:#e0dede;\"><\/div><\/div><span class=\"awb-title-spacer\"><\/span><h2 class=\"fusion-title-heading title-heading-center\" style=\"margin:0;\">Liebe Kunden<\/h2><span class=\"awb-title-spacer\"><\/span><div class=\"title-sep-container title-sep-container-right\"><div class=\"title-sep sep-single sep-solid\" style=\"border-color:#e0dede;\"><\/div><\/div><\/div><div class=\"fusion-text fusion-text-2\"><p>Tage nach seiner Ankunft auf Mallorca schrieb Fr\u00e9d\u00e9ric Chopin an einen Freund: \u201eHier weile ich im Schatten von Palmen, Zedern und Aloen, unter Orangen-, Zitronen-, Feigen- und Granatapfelb\u00e4umen. Der Himmel gleicht T\u00fcrkisen, das Meer Lapislazuli, die Berge Smaragden. Kurz: das Dasein hier ist k\u00f6stlich.\u201c<\/p>\n<p>Als wir vor 30 Jahren auf die so beschriebene Insel kamen, konnten auch wir uns dem Zauber und dem Flair Mallorcas nicht entziehen und verliebten uns auf der Stelle in das traumhaft sch\u00f6ne Land und die herzlichen Menschen.<\/p>\n<p>Unsere F\u00e4higkeiten, Erfahrungen, das Know-How und die Zuverl\u00e4ssigkeit, die wir als Schweizer im Gep\u00e4ck hatten, haben wir in unsere Firma ServCarritxo gesteckt und es uns zum Ziel gemacht, auch anderen Menschen das Leben und das Genie\u00dfen auf der Insel des Lichts und der Farben n\u00e4her zu bringen und sorgenfrei zu erm\u00f6glichen. Seit unseren Anf\u00e4ngen auf Mallorca befassen wir uns mit der Betreuung und dem Bau von Eigentum. Wir bieten unseren Kunden eine individuelle Betreuung, nehmen uns Zeit f\u00fcr ihre W\u00fcnsche und Tr\u00e4ume und versuchen diese zu erf\u00fcllen. Im Laufe der Jahre haben wir ein Netzwerk an ausgesuchten einheimischen Firmen und Handwerkern aufgebaut, die es verstehen, auf die Anforderungen der heutigen Zeit zu reagieren, sich f\u00fcr die neusten Entwicklungen und Trends interessieren und uns termingerecht und kurzfristig zur Verf\u00fcgung stehen. Durch die jahrelange fruchtbare und inspirierende Zusammenarbeit mit unseren Handwerkern und Kunsthandwerkern ist der Bereich der Renovations-, Neu- und Umbauarbeiten zu unserem Spezialgebiet gewachsen.<\/p>\n<p>Wir haben uns als Bindeglied zwischen internationalen Firmen und einheimischen Betrieben gemacht. Dabei haben wir jedoch sehr bewusst immer die Vorteile eines kleinen Familienunternehmens beibehalten und genutzt, damit wir unsere Kunden intensiv und individuell betreuen k\u00f6nnen. Auf dieser Internetseite k\u00f6nnen Sie sich \u00fcber unsere aktuellen und abgeschlossenen Projekte informieren \u2013 oder kommen Sie doch einfach einmal vorbei, wenn Sie auf der Insel sind und lernen Sie uns pers\u00f6nlich kennen!<\/p>\n<\/div><div class=\"fusion-clearfix\"><\/div><\/div><\/div><div class=\"fusion-layout-column fusion_builder_column fusion-builder-column-4 fusion_builder_column_1_2 1_2 fusion-one-half fusion-column-first\" style=\"--awb-bg-blend:overlay;--awb-bg-size:cover;width:50%;width:calc(50% - ( ( 4% ) * 0.5 ) );margin-right: 4%;\"><div class=\"fusion-column-wrapper fusion-flex-column-wrapper-legacy\"><div class=\"fusion-person person fusion-person-center fusion-person-1 fusion-person-icon-top\" style=\"--awb-pic-style-color:#000000;--awb-pic-borderradius:100px;--awb-margin-top:0px;--awb-margin-right:0px;--awb-margin-bottom:0px;--awb-margin-left:0px;--awb-social-box-border-top:0px;--awb-social-box-border-right:0px;--awb-social-box-border-bottom:0px;--awb-social-box-border-left:0px;--awb-social-box-border-color:var(--awb-color3);--awb-social-box-border-color-hover:var(--awb-color4);--awb-social-box-colors-hover:rgba(232,232,232,0.8);--awb-social-icon-boxed-colors:#e8e8e8;--awb-social-icon-colors:#bebdbd;--awb-social-icon-colors-hover:rgba(190,189,189,0.8);\"><div class=\"person-shortcode-image-wrapper imageframe-liftup\"><div class=\"person-image-container person-rounded-overflow\" style=\"-webkit-border-radius:100px;-moz-border-radius:100px;border-radius:100px;border:0px solid #f6f6f6;-webkit-border-radius:100px;-moz-border-radius:100px;border-radius:100px;\"><img decoding=\"async\" class=\"person-img img-responsive\" src=\"http:\/\/servcarritxo.com\/wp-content\/uploads\/2017\/08\/Max-Face.jpg\" alt=\"Max Etter\" \/><\/div><\/div><div class=\"person-desc\"><div class=\"person-author\"><div class=\"person-author-wrapper\"><span class=\"person-name\">Max Etter<\/span><span class=\"person-title\"><\/span><\/div><div class=\"fusion-social-networks\"><div class=\"fusion-social-networks-wrapper\"><a class=\"fusion-social-network-icon fusion-tooltip fusion-facebook awb-icon-facebook custom\" aria-label=\"fusion-facebook\" href=\"https:\/\/www.facebook.com\/max.etter\" target=\"_blank\" rel=\"noopener noreferrer\" style=\"color:#bebdbd;font-size:16px;\" data-placement=\"top\" data-title=\"Facebook\" title=\"Facebook\" data-toggle=\"tooltip\"><\/a><\/div><\/div><\/div><div class=\"person-content fusion-clearfix\"><\/div><\/div><\/div><div class=\"fusion-clearfix\"><\/div><\/div><\/div><div class=\"fusion-layout-column fusion_builder_column fusion-builder-column-5 fusion_builder_column_1_2 1_2 fusion-one-half fusion-column-last\" style=\"--awb-bg-blend:overlay;--awb-bg-size:cover;width:50%;width:calc(50% - ( ( 4% ) * 0.5 ) );\"><div class=\"fusion-column-wrapper fusion-flex-column-wrapper-legacy\"><div class=\"fusion-person person fusion-person-center fusion-person-2 fusion-person-icon-top\" style=\"--awb-pic-style-color:#000000;--awb-pic-borderradius:100px;--awb-margin-top:0px;--awb-margin-right:0px;--awb-margin-bottom:0px;--awb-margin-left:0px;--awb-social-box-border-top:0px;--awb-social-box-border-right:0px;--awb-social-box-border-bottom:0px;--awb-social-box-border-left:0px;--awb-social-box-border-color:var(--awb-color3);--awb-social-box-border-color-hover:var(--awb-color4);--awb-social-box-colors-hover:rgba(232,232,232,0.8);--awb-social-icon-boxed-colors:#e8e8e8;--awb-social-icon-colors:#bebdbd;--awb-social-icon-colors-hover:rgba(190,189,189,0.8);\"><div class=\"person-shortcode-image-wrapper imageframe-liftup\"><div class=\"person-image-container person-rounded-overflow\" style=\"-webkit-border-radius:100px;-moz-border-radius:100px;border-radius:100px;border:0px solid #f6f6f6;-webkit-border-radius:100px;-moz-border-radius:100px;border-radius:100px;\"><img decoding=\"async\" class=\"person-img img-responsive\" src=\"http:\/\/servcarritxo.com\/wp-content\/uploads\/2017\/08\/Ruth-Face.jpg\" alt=\"Ruth Etter\" \/><\/div><\/div><div class=\"person-desc\"><div class=\"person-author\"><div class=\"person-author-wrapper\"><span class=\"person-name\">Ruth Etter<\/span><span class=\"person-title\"><\/span><\/div><div class=\"fusion-social-networks\"><div class=\"fusion-social-networks-wrapper\"><a class=\"fusion-social-network-icon fusion-tooltip fusion-facebook awb-icon-facebook custom\" aria-label=\"fusion-facebook\" href=\"https:\/\/www.facebook.com\/ruth.etter.7\" target=\"_blank\" rel=\"noopener noreferrer\" style=\"color:#bebdbd;font-size:16px;\" data-placement=\"top\" data-title=\"Facebook\" title=\"Facebook\" data-toggle=\"tooltip\"><\/a><\/div><\/div><\/div><div class=\"person-content fusion-clearfix\"><\/div><\/div><\/div><div class=\"fusion-clearfix\"><\/div><\/div><\/div><div class=\"fusion-layout-column fusion_builder_column fusion-builder-column-6 fusion_builder_column_1_4 1_4 fusion-one-fourth fusion-column-first\" style=\"--awb-bg-blend:overlay;--awb-bg-size:cover;width:25%;width:calc(25% - ( ( 4% + 4% + 4% ) * 0.25 ) );margin-right: 4%;\"><div class=\"fusion-column-wrapper fusion-flex-column-wrapper-legacy\"><div class=\"fusion-person person fusion-person-center fusion-person-3 fusion-person-icon-top\" style=\"--awb-pic-style-color:#000000;--awb-pic-borderradius:100px;--awb-margin-top:0px;--awb-margin-right:0px;--awb-margin-bottom:0px;--awb-margin-left:0px;--awb-social-box-border-top:0px;--awb-social-box-border-right:0px;--awb-social-box-border-bottom:0px;--awb-social-box-border-left:0px;--awb-social-box-border-color:var(--awb-color3);--awb-social-box-border-color-hover:var(--awb-color4);--awb-social-box-colors-hover:rgba(232,232,232,0.8);--awb-social-icon-boxed-colors:#e8e8e8;--awb-social-icon-colors:#bebdbd;--awb-social-icon-colors-hover:rgba(190,189,189,0.8);\"><div class=\"person-shortcode-image-wrapper imageframe-liftup\"><div class=\"person-image-container person-rounded-overflow\" style=\"-webkit-border-radius:100px;-moz-border-radius:100px;border-radius:100px;border:0px solid #f6f6f6;-webkit-border-radius:100px;-moz-border-radius:100px;border-radius:100px;\"><img decoding=\"async\" class=\"person-img img-responsive\" src=\"http:\/\/servcarritxo.com\/wp-content\/uploads\/2017\/08\/Christian-Face.jpg\" alt=\"Christian Etter\" \/><\/div><\/div><div class=\"person-desc\"><div class=\"person-author\"><div class=\"person-author-wrapper\"><span class=\"person-name\">Christian Etter<\/span><span class=\"person-title\"><\/span><\/div><div class=\"fusion-social-networks\"><div class=\"fusion-social-networks-wrapper\"><a class=\"fusion-social-network-icon fusion-tooltip fusion-facebook awb-icon-facebook custom\" aria-label=\"fusion-facebook\" href=\"https:\/\/www.facebook.com\/stany.etter\" target=\"_blank\" rel=\"noopener noreferrer\" style=\"color:#bebdbd;font-size:16px;\" data-placement=\"top\" data-title=\"Facebook\" title=\"Facebook\" data-toggle=\"tooltip\"><\/a><\/div><\/div><\/div><div class=\"person-content fusion-clearfix\"><\/div><\/div><\/div><div class=\"fusion-clearfix\"><\/div><\/div><\/div><div class=\"fusion-layout-column fusion_builder_column fusion-builder-column-7 fusion_builder_column_1_4 1_4 fusion-one-fourth\" style=\"--awb-bg-blend:overlay;--awb-bg-size:cover;width:25%;width:calc(25% - ( ( 4% + 4% + 4% ) * 0.25 ) );margin-right: 4%;\"><div class=\"fusion-column-wrapper fusion-flex-column-wrapper-legacy\"><div class=\"fusion-person person fusion-person-center fusion-person-4 fusion-person-icon-top\" style=\"--awb-pic-style-color:#000000;--awb-pic-borderradius:100px;--awb-margin-top:0px;--awb-margin-right:0px;--awb-margin-bottom:0px;--awb-margin-left:0px;--awb-social-box-border-top:0px;--awb-social-box-border-right:0px;--awb-social-box-border-bottom:0px;--awb-social-box-border-left:0px;--awb-social-box-border-color:var(--awb-color3);--awb-social-box-border-color-hover:var(--awb-color4);--awb-social-box-colors-hover:rgba(232,232,232,0.8);--awb-social-icon-boxed-colors:#e8e8e8;--awb-social-icon-colors:#bebdbd;--awb-social-icon-colors-hover:rgba(190,189,189,0.8);\"><div class=\"person-shortcode-image-wrapper imageframe-liftup\"><div class=\"person-image-container person-rounded-overflow\" style=\"-webkit-border-radius:100px;-moz-border-radius:100px;border-radius:100px;border:0px solid #f6f6f6;-webkit-border-radius:100px;-moz-border-radius:100px;border-radius:100px;\"><img decoding=\"async\" class=\"person-img img-responsive\" src=\"http:\/\/servcarritxo.com\/wp-content\/uploads\/2017\/08\/Carolina-Face.jpg\" alt=\"Carolina Hirsch Benejam\" \/><\/div><\/div><div class=\"person-desc\"><div class=\"person-author\"><div class=\"person-author-wrapper\"><span class=\"person-name\">Carolina Hirsch Benejam<\/span><span class=\"person-title\"><\/span><\/div><div class=\"fusion-social-networks\"><div class=\"fusion-social-networks-wrapper\"><a class=\"fusion-social-network-icon fusion-tooltip fusion-facebook awb-icon-facebook custom\" aria-label=\"fusion-facebook\" href=\"https:\/\/www.facebook.com\/carolina.hirsch.3\" target=\"_blank\" rel=\"noopener noreferrer\" style=\"color:#bebdbd;font-size:16px;\" data-placement=\"top\" data-title=\"Facebook\" title=\"Facebook\" data-toggle=\"tooltip\"><\/a><\/div><\/div><\/div><div class=\"person-content fusion-clearfix\"><\/div><\/div><\/div><div class=\"fusion-clearfix\"><\/div><\/div><\/div><div class=\"fusion-layout-column fusion_builder_column fusion-builder-column-8 fusion_builder_column_1_4 1_4 fusion-one-fourth\" style=\"--awb-bg-blend:overlay;--awb-bg-size:cover;width:25%;width:calc(25% - ( ( 4% + 4% + 4% ) * 0.25 ) );margin-right: 4%;\"><div class=\"fusion-column-wrapper fusion-flex-column-wrapper-legacy\"><div class=\"fusion-person person fusion-person-center fusion-person-5 fusion-person-icon-top\" style=\"--awb-pic-style-color:#000000;--awb-pic-borderradius:100px;--awb-margin-top:0px;--awb-margin-right:0px;--awb-margin-bottom:0px;--awb-margin-left:0px;--awb-social-box-border-top:0px;--awb-social-box-border-right:0px;--awb-social-box-border-bottom:0px;--awb-social-box-border-left:0px;--awb-social-box-border-color:var(--awb-color3);--awb-social-box-border-color-hover:var(--awb-color4);--awb-social-box-colors-hover:rgba(232,232,232,0.8);--awb-social-icon-boxed-colors:#e8e8e8;--awb-social-icon-colors:#bebdbd;--awb-social-icon-colors-hover:rgba(190,189,189,0.8);\"><div class=\"person-shortcode-image-wrapper imageframe-liftup\"><div class=\"person-image-container person-rounded-overflow\" style=\"-webkit-border-radius:100px;-moz-border-radius:100px;border-radius:100px;border:0px solid #f6f6f6;-webkit-border-radius:100px;-moz-border-radius:100px;border-radius:100px;\"><img decoding=\"async\" class=\"person-img img-responsive\" src=\"http:\/\/servcarritxo.com\/wp-content\/uploads\/2017\/08\/Marco-Face.jpg\" alt=\"Marco Etter\" \/><\/div><\/div><div class=\"person-desc\"><div class=\"person-author\"><div class=\"person-author-wrapper\"><span class=\"person-name\">Marco Etter<\/span><span class=\"person-title\"><\/span><\/div><div class=\"fusion-social-networks\"><div class=\"fusion-social-networks-wrapper\"><a class=\"fusion-social-network-icon fusion-tooltip fusion-facebook awb-icon-facebook custom\" aria-label=\"fusion-facebook\" href=\"https:\/\/www.facebook.com\/marco.etter.3\" target=\"_blank\" rel=\"noopener noreferrer\" style=\"color:#bebdbd;font-size:16px;\" data-placement=\"top\" data-title=\"Facebook\" title=\"Facebook\" data-toggle=\"tooltip\"><\/a><\/div><\/div><\/div><div class=\"person-content fusion-clearfix\"><\/div><\/div><\/div><div class=\"fusion-clearfix\"><\/div><\/div><\/div><div class=\"fusion-layout-column fusion_builder_column fusion-builder-column-9 fusion_builder_column_1_4 1_4 fusion-one-fourth fusion-column-last\" style=\"--awb-bg-blend:overlay;--awb-bg-size:cover;width:25%;width:calc(25% - ( ( 4% + 4% + 4% ) * 0.25 ) );\"><div class=\"fusion-column-wrapper fusion-flex-column-wrapper-legacy\"><div class=\"fusion-person person fusion-person-center fusion-person-6 fusion-person-icon-top\" style=\"--awb-pic-style-color:#000000;--awb-pic-borderradius:100px;--awb-margin-top:0px;--awb-margin-right:0px;--awb-margin-bottom:0px;--awb-margin-left:0px;--awb-social-box-border-top:0px;--awb-social-box-border-right:0px;--awb-social-box-border-bottom:0px;--awb-social-box-border-left:0px;--awb-social-box-border-color:var(--awb-color3);--awb-social-box-border-color-hover:var(--awb-color4);--awb-social-box-colors-hover:rgba(232,232,232,0.8);--awb-social-icon-boxed-colors:#e8e8e8;--awb-social-icon-colors:#bebdbd;--awb-social-icon-colors-hover:rgba(190,189,189,0.8);\"><div class=\"person-shortcode-image-wrapper imageframe-liftup\"><div class=\"person-image-container person-rounded-overflow\" style=\"-webkit-border-radius:100px;-moz-border-radius:100px;border-radius:100px;border:0px solid #f6f6f6;-webkit-border-radius:100px;-moz-border-radius:100px;border-radius:100px;\"><img decoding=\"async\" class=\"person-img img-responsive\" src=\"http:\/\/servcarritxo.com\/wp-content\/uploads\/2017\/09\/Silvina-Face.jpg\" alt=\"Silvina Piegas\" \/><\/div><\/div><div class=\"person-desc\"><div class=\"person-author\"><div class=\"person-author-wrapper\"><span class=\"person-name\">Silvina Piegas<\/span><span class=\"person-title\"><\/span><\/div><div class=\"fusion-social-networks\"><div class=\"fusion-social-networks-wrapper\"><a class=\"fusion-social-network-icon fusion-tooltip fusion-facebook awb-icon-facebook custom\" aria-label=\"fusion-facebook\" href=\"https:\/\/www.facebook.com\/silvina.piegas.5\" target=\"_blank\" rel=\"noopener noreferrer\" style=\"color:#bebdbd;font-size:16px;\" data-placement=\"top\" data-title=\"Facebook\" title=\"Facebook\" data-toggle=\"tooltip\"><\/a><\/div><\/div><\/div><div class=\"person-content fusion-clearfix\"><\/div><\/div><\/div><div class=\"fusion-clearfix\"><\/div><\/div><\/div><\/div><\/div><\/div>\n","protected":false},"excerpt":{"rendered":"","protected":false},"author":1,"featured_media":0,"parent":0,"menu_order":0,"comment_status":"closed","ping_status":"closed","template":"","meta":{"ngg_post_thumbnail":0,"footnotes":""},"class_list":["post-111","page","type-page","status-publish","hentry"],"_links":{"self":[{"href":"https:\/\/servcarritxo.com\/de\/wp-json\/wp\/v2\/pages\/111","targetHints":{"allow":["GET"]}}],"collection":[{"href":"https:\/\/servcarritxo.com\/de\/wp-json\/wp\/v2\/pages"}],"about":[{"href":"https:\/\/servcarritxo.com\/de\/wp-json\/wp\/v2\/types\/page"}],"author":[{"embeddable":true,"href":"https:\/\/servcarritxo.com\/de\/wp-json\/wp\/v2\/users\/1"}],"replies":[{"embeddable":true,"href":"https:\/\/servcarritxo.com\/de\/wp-json\/wp\/v2\/comments?post=111"}],"version-history":[{"count":49,"href":"https:\/\/servcarritxo.com\/de\/wp-json\/wp\/v2\/pages\/111\/revisions"}],"predecessor-version":[{"id":832,"href":"https:\/\/servcarritxo.com\/de\/wp-json\/wp\/v2\/pages\/111\/revisions\/832"}],"wp:attachment":[{"href":"https:\/\/servcarritxo.com\/de\/wp-json\/wp\/v2\/media?parent=111"}],"curies":[{"name":"wp","href":"https:\/\/api.w.org\/{rel}","templated":true}]}}